{"id":1503,"date":"2020-07-01T00:40:33","date_gmt":"2020-06-30T22:40:33","guid":{"rendered":"https:\/\/www.tavolata.ch\/?page_id=1503"},"modified":"2025-07-02T18:22:39","modified_gmt":"2025-07-02T16:22:39","slug":"incontri","status":"publish","type":"page","link":"https:\/\/www.tavolata.ch\/it\/incontri\/","title":{"rendered":"Incontri"},"content":{"rendered":"<p>Qui potete trovare gli incontri della rete Tavolata. Volete partecipare a <a href=\"https:\/\/www.tavolata.ch\/it\/cercare\/\">un&#8217;altra tavolata<\/a>? Allora contattate direttamente una Tavolata o scrivete al <a href=\"https:\/\/www.tavolata.ch\/it\/supporto\/\">responsabile della vostra regione.<\/a><\/p>\n    <div class=\"o-aid-events js-o-aid-events\">\n        <div class=\"o-event-list js-o-event-list\">\n\t\t\t                <div class=\"row\">\n                    <div class=\"col col-12 col-md-6 col-lg-4\">\n                        <div class=\"m-events-filter\">\n\t\t\t\t\t\t\t                                <div class=\"a-select js-a-select\">\n                                    <label class=\"a-select__label\" for=\"aid-events-categories\">\n\t\t\t\t\t\t\t\t\t\tKategorien                                    <\/label>\n                                    <select class=\"a-select__select js-a-select__select js-a-select__select-categories\" id=\"aid-events-categories\">\n                                        <option value=\"all\" selected>Tutte le categorie<\/option>\n\t\t\t\t\t\t\t\t\t\t                                            <option value=\"tavolata-ratsversammlung-it\" >Tavolata-Ratsversammlung<\/option>\n\t\t\t\t\t\t\t\t\t\t\t                                            <option value=\"generalversammlung-it\" >Generalversammlung<\/option>\n\t\t\t\t\t\t\t\t\t\t\t                                            <option value=\"consiglio-di-tavolata\" >Consiglio di Tavolata<\/option>\n\t\t\t\t\t\t\t\t\t\t\t                                            <option value=\"jahrestagung-it\" >Convegno annuale<\/option>\n\t\t\t\t\t\t\t\t\t\t\t                                            <option value=\"amuse-bouche-it\" >Amuse bouche<\/option>\n\t\t\t\t\t\t\t\t\t\t\t                                            <option value=\"introduzione\" >Introduzione<\/option>\n\t\t\t\t\t\t\t\t\t\t\t                                    <\/select>\n                                <\/div>\n\t\t\t\t\t\t\t\t\n                                <div class=\"a-select js-a-select\">\n                                    <label class=\"a-select__label\" for=\"aid-events-regions\">\n\t\t\t\t\t\t\t\t\t\tRegione                                    <\/label>\n\t\t\t\t\t\t\t\t\t<select class=\"a-select__select js-a-select__select js-a-select__select-regions\" id=\"aid-events-regions\">\n                                                                           <option value=\"tutte-le-regioni\" >Tutte le regioni<\/option>\n\t\t\t\t\t\t\t\t\t                                        <option value=\"altopiano-svizzero\" >Altopiano Svizzero<\/option>\n\t\t\t\t\t\t\t\t\t                                        <option value=\"incontro-online\" >Incontro online<\/option>\n\t\t\t\t\t\t\t\t\t                                        <option value=\"svizzera-centrale\" >Svizzera centrale<\/option>\n\t\t\t\t\t\t\t\t\t                                        <option value=\"svizzera-nord-occidentale\" >Svizzera nord-occidentale<\/option>\n\t\t\t\t\t\t\t\t\t                                        <option value=\"svizzera-occidentale\" >Svizzera occidentale<\/option>\n\t\t\t\t\t\t\t\t\t                                        <option value=\"svizzera-orientale\" >Svizzera orientale<\/option>\n\t\t\t\t\t\t\t\t\t                                        <option value=\"ticino\" >Ticino<\/option>\n\t\t\t\t\t\t\t\t\t                                        <option value=\"zurigo\" >Zurigo<\/option>\n\t\t\t\t\t\t\t\t\t                                    <\/select>\n                                <\/div>\n\t\t\t\t\t\t\t                        <\/div>\n                    <\/div>\n                <\/div>\n\t\t\t\t\n            <ul class=\"o-event-list__list row\">\n\t\t\t\t                        <div class=\"o-event-list__item col col-12 col-md-6 col-lg-4 state-o-event-list--item-visible state-o-event-list--item-fade js-o-event-list__item\" data-categories = \"infoveranstaltung\" data-regions = \"all;virtuell\">\n                            <div class=\"m-event-item\">\n                                <a href=\"https:\/\/www.tavolata.ch\/it\/event\/tavolata-informationsveranstaltung-12\/\" class=\"m-event-item__link\">\n                                    <div class=\"m-event-item__meta\">\n\t\t\t\t\t\t\t\t\t\t<span class=\"m-event-item__date\">\n\t\t\t\t\t\t\t\t\t\t\t19.05.2026,&nbsp;\t\t\t\t\t\t\t\t\t\t<\/span>\n\n\t\t\t\t\t\t\t\t\t\t<span class=\"m-event-item__location\">online via Zoom<\/span><span class=\"m-event-item__time\">16:30 - 17:30 Uhr<\/span>                                    <\/div>\n\n                                    <h3 class=\"m-event-item__title\">Tavolata Informationsveranstaltung (online)<\/h3>\n                                    <p class=\"m-event-item__text\">\n\t\t\t\t\t\t\t\t\t\tF\u00fcreinander kochen, miteinander essen und diskutieren: Tavolata bietet mit lokalen, selbst organisierten Tischgemeinschaften ein Netzwerk, um Menschen zusammenzubringen. Interessierte erhalten&hellip;                                    <\/p>\n                                    <span class=\"m-event-item__read-more\">\n\t\t\t\t\t\t\t\t\t\tPi\u00f9\t\t\t\t\t\t\t\t\t<\/span>\n                                <\/a>\n                            <\/div>\n                        <\/div>\n\t\t\t\t\t\t                        <div class=\"o-event-list__item col col-12 col-md-6 col-lg-4 state-o-event-list--item-visible state-o-event-list--item-fade js-o-event-list__item\" data-categories = \"weitere-veranstaltungen\" data-regions = \"nwch\">\n                            <div class=\"m-event-item\">\n                                <a href=\"https:\/\/www.tavolata.ch\/it\/event\/spotlight-veranstaltung-essen-im-alter\/\" class=\"m-event-item__link\">\n                                    <div class=\"m-event-item__meta\">\n\t\t\t\t\t\t\t\t\t\t<span class=\"m-event-item__date\">\n\t\t\t\t\t\t\t\t\t\t\t21.05.2026,&nbsp;\t\t\t\t\t\t\t\t\t\t<\/span>\n\n\t\t\t\t\t\t\t\t\t\t<span class=\"m-event-item__location\">Bern<\/span><span class=\"m-event-item__time\">12:30 - 16:30 Uhr<\/span>                                    <\/div>\n\n                                    <h3 class=\"m-event-item__title\">Spotlight-Veranstaltung \u00abEssen im Alter\u00bb<\/h3>\n                                    <p class=\"m-event-item__text\">\n\t\t\t\t\t\t\t\t\t\tGERONTOLOGIE CH l\u00e4dt zur ersten Spotlight-Veranstaltung ein, die sich ganz dem Thema \u00abEssen im Alter\u00bb widmet. Essen ist weit mehr&hellip;                                    <\/p>\n                                    <span class=\"m-event-item__read-more\">\n\t\t\t\t\t\t\t\t\t\tPi\u00f9\t\t\t\t\t\t\t\t\t<\/span>\n                                <\/a>\n                            <\/div>\n                        <\/div>\n\t\t\t\t\t\t                        <div class=\"o-event-list__item col col-12 col-md-6 col-lg-4 state-o-event-list--item-visible state-o-event-list--item-fade js-o-event-list__item\" data-categories = \"weitere-veranstaltungen\" data-regions = \"all;zuerich\">\n                            <div class=\"m-event-item\">\n                                <a href=\"https:\/\/www.tavolata.ch\/it\/event\/regtav-treffen-in-zuerich\/\" class=\"m-event-item__link\">\n                                    <div class=\"m-event-item__meta\">\n\t\t\t\t\t\t\t\t\t\t<span class=\"m-event-item__date\">\n\t\t\t\t\t\t\t\t\t\t\t22.05.2026,&nbsp;\t\t\t\t\t\t\t\t\t\t<\/span>\n\n\t\t\t\t\t\t\t\t\t\t<span class=\"m-event-item__location\">Z\u00fcrich<\/span><span class=\"m-event-item__time\">09:15 - 12:00 Uhr<\/span>                                    <\/div>\n\n                                    <h3 class=\"m-event-item__title\">RegTaV-Treffen in Z\u00fcrich<\/h3>\n                                    <p class=\"m-event-item__text\">\n\t\t\t\t\t\t\t\t\t\tDie regionalen Tavolata-Verantwortlichen werden eingeladen.                                    <\/p>\n                                    <span class=\"m-event-item__read-more\">\n\t\t\t\t\t\t\t\t\t\tPi\u00f9\t\t\t\t\t\t\t\t\t<\/span>\n                                <\/a>\n                            <\/div>\n                        <\/div>\n\t\t\t\t\t\t                        <div class=\"o-event-list__item col col-12 col-md-6 col-lg-4 state-o-event-list--item-visible state-o-event-list--item-fade js-o-event-list__item\" data-categories = \"jahrestagung\" data-regions = \"all;mittelland;genfersee;nwch;ostschweiz;zentralschweiz;zuerich\">\n                            <div class=\"m-event-item\">\n                                <a href=\"https:\/\/www.tavolata.ch\/it\/event\/tavolata-tagung-in-biel\/\" class=\"m-event-item__link\">\n                                    <div class=\"m-event-item__meta\">\n\t\t\t\t\t\t\t\t\t\t<span class=\"m-event-item__date\">\n\t\t\t\t\t\t\t\t\t\t\t01.06.2026,&nbsp;\t\t\t\t\t\t\t\t\t\t<\/span>\n\n\t\t\t\t\t\t\t\t\t\t<span class=\"m-event-item__location\">Biel<\/span><span class=\"m-event-item__time\">10:00 - 16:00 Uhr<\/span>                                    <\/div>\n\n                                    <h3 class=\"m-event-item__title\">Tagung des Netzwerks Tavolata 2026 in Biel \/ Conf\u00e9rence du r\u00e9seau Tavolata 2026 \u00e0 Bienne<\/h3>\n                                    <p class=\"m-event-item__text\">\n\t\t\t\t\t\t\t\t\t\tDie Tavolata-Tagung zum Thema \u00abR\u00f6stigraben\u00bb findet am Montag, 1. Juni 2026, 10.00 bis 16.00 Uhr, mit anschliessendem Ap\u00e9ro im Farelhaus&hellip;                                    <\/p>\n                                    <span class=\"m-event-item__read-more\">\n\t\t\t\t\t\t\t\t\t\tPi\u00f9\t\t\t\t\t\t\t\t\t<\/span>\n                                <\/a>\n                            <\/div>\n                        <\/div>\n\t\t\t\t\t\t                        <div class=\"o-event-list__item col col-12 col-md-6 col-lg-4 state-o-event-list--item-visible state-o-event-list--item-fade js-o-event-list__item\" data-categories = \"infoveranstaltung\" data-regions = \"zuerich\">\n                            <div class=\"m-event-item\">\n                                <a href=\"https:\/\/www.tavolata.ch\/it\/event\/informationsveranstaltung-in-zuerich\/\" class=\"m-event-item__link\">\n                                    <div class=\"m-event-item__meta\">\n\t\t\t\t\t\t\t\t\t\t<span class=\"m-event-item__date\">\n\t\t\t\t\t\t\t\t\t\t\t23.06.2026,&nbsp;\t\t\t\t\t\t\t\t\t\t<\/span>\n\n\t\t\t\t\t\t\t\t\t\t<span class=\"m-event-item__location\">Z\u00fcrich<\/span><span class=\"m-event-item__time\">09:30 - 11:00 Uhr<\/span>                                    <\/div>\n\n                                    <h3 class=\"m-event-item__title\">Informationsveranstaltung in Z\u00fcrich<\/h3>\n                                    <p class=\"m-event-item__text\">\n\t\t\t\t\t\t\t\t\t\tGemeinsam kochen, miteinander essen und sich in guter Gesellschaft austauschen \u2013 das ist Tavolata. In selbst organisierten Tischrunden entstehen Begegnungen,&hellip;                                    <\/p>\n                                    <span class=\"m-event-item__read-more\">\n\t\t\t\t\t\t\t\t\t\tPi\u00f9\t\t\t\t\t\t\t\t\t<\/span>\n                                <\/a>\n                            <\/div>\n                        <\/div>\n\t\t\t\t\t\t                        <div class=\"o-event-list__item col col-12 col-md-6 col-lg-4 state-o-event-list--item-visible state-o-event-list--item-fade js-o-event-list__item\" data-categories = \"tavolata-ratsversammlung\" data-regions = \"all;mittelland;genfersee;nwch;ostschweiz;tessin;zentralschweiz;zuerich\">\n                            <div class=\"m-event-item\">\n                                <a href=\"https:\/\/www.tavolata.ch\/it\/event\/tavolata-ratsversammlung-2026\/\" class=\"m-event-item__link\">\n                                    <div class=\"m-event-item__meta\">\n\t\t\t\t\t\t\t\t\t\t<span class=\"m-event-item__date\">\n\t\t\t\t\t\t\t\t\t\t\t23.10.2026,&nbsp;\t\t\t\t\t\t\t\t\t\t<\/span>\n\n\t\t\t\t\t\t\t\t\t\t<span class=\"m-event-item__location\">Z\u00fcrich<\/span><span class=\"m-event-item__time\">13:30 - 16:00 Uhr<\/span>                                    <\/div>\n\n                                    <h3 class=\"m-event-item__title\">Tavolata-Ratsversammlung 2026<\/h3>\n                                    <p class=\"m-event-item__text\">\n\t\t\t\t\t\t\t\t\t\tDie Mitglieder des Tavolata-Rats werden eingeladen.                                    <\/p>\n                                    <span class=\"m-event-item__read-more\">\n\t\t\t\t\t\t\t\t\t\tPi\u00f9\t\t\t\t\t\t\t\t\t<\/span>\n                                <\/a>\n                            <\/div>\n                        <\/div>\n\t\t\t\t\t\t\n            <\/ul>\n\n            <div class=\"o-event-list__load-more-wrapper js-o-event-list__load-more-wrapper\">\n                <button class=\"a-button a-button--primary js-a-button__load-more\">Mostra di pi\u00f9<\/button>\n            <\/div>\n        <\/div>\n    <\/div>\n\t\n<p>Gli eventi passati sono in <a href=\"https:\/\/www.tavolata.ch\/it\/incontri\/archivio\/\" rel=\"noopener noreferrer\">archivio<\/a>.<\/p>\n<p>&nbsp;<\/p>\n<p>&nbsp;<\/p>\n","protected":false},"excerpt":{"rendered":"<p>Qui potete trovare gli incontri della rete Tavolata. Volete partecipare a un&#8217;altra tavolata? Allora contattate direttamente una Tavolata o scrivete al responsabile della vostra regione. Gli eventi passati sono in archivio. &nbsp; &nbsp;<\/p>\n","protected":false},"author":2,"featured_media":0,"parent":0,"menu_order":136,"comment_status":"closed","ping_status":"closed","template":"","meta":{"_acf_changed":false,"footnotes":""},"class_list":["post-1503","page","type-page","status-publish","hentry"],"acf":[],"_links":{"self":[{"href":"https:\/\/www.tavolata.ch\/it\/wp-json\/wp\/v2\/pages\/1503","targetHints":{"allow":["GET"]}}],"collection":[{"href":"https:\/\/www.tavolata.ch\/it\/wp-json\/wp\/v2\/pages"}],"about":[{"href":"https:\/\/www.tavolata.ch\/it\/wp-json\/wp\/v2\/types\/page"}],"author":[{"embeddable":true,"href":"https:\/\/www.tavolata.ch\/it\/wp-json\/wp\/v2\/users\/2"}],"replies":[{"embeddable":true,"href":"https:\/\/www.tavolata.ch\/it\/wp-json\/wp\/v2\/comments?post=1503"}],"version-history":[{"count":9,"href":"https:\/\/www.tavolata.ch\/it\/wp-json\/wp\/v2\/pages\/1503\/revisions"}],"predecessor-version":[{"id":16065,"href":"https:\/\/www.tavolata.ch\/it\/wp-json\/wp\/v2\/pages\/1503\/revisions\/16065"}],"wp:attachment":[{"href":"https:\/\/www.tavolata.ch\/it\/wp-json\/wp\/v2\/media?parent=1503"}],"curies":[{"name":"wp","href":"https:\/\/api.w.org\/{rel}","templated":true}]}}