{"id":6222,"date":"2020-12-04T15:42:04","date_gmt":"2020-12-04T14:42:04","guid":{"rendered":"https:\/\/www.tavolata.ch\/?page_id=6222"},"modified":"2022-12-21T14:42:48","modified_gmt":"2022-12-21T13:42:48","slug":"conseil-tavolata","status":"publish","type":"page","link":"https:\/\/www.tavolata.ch\/fr\/conseil-tavolata\/","title":{"rendered":"Conseil Tavolata"},"content":{"rendered":"<p>Le Conseil Tavolata r\u00e9unit toutes les personnes de contact des Tavolata locales ainsi que tous les repr\u00e9sentantes et repr\u00e9sentants r\u00e9gionaux de Tavolata. L\u2019objectif de ce Conseil est d\u2019int\u00e9grer en continu la base Tavolata dans la gestion du r\u00e9seau.<strong><br \/>\n<\/strong><\/p>\n<h3 class=\"a-heading a-heading--h1\">Retour sur la rencontre du Conseil Tavolata du 3 novembre 2022<\/h3>\n<p><a href=\"https:\/\/www.tavolata.ch\/fr\/10780\/\">Vers le r\u00e9sum\u00e9<\/a><\/p>\n<h3>Retour sur la troisi\u00e8me\u00a0rencontre du Conseil Tavolata du 23\u00a0septembre\u00a02021<\/h3>\n<p>En 2021, le Conseil Tavolata s\u2019est r\u00e9uni s\u00e9par\u00e9ment dans les trois r\u00e9gions linguistiques.<\/p>\n<ul>\n<li>Dans toutes les r\u00e9gions, l\u2019\u00e9quipe de projet Tavolata a pr\u00e9sent\u00e9 une r\u00e9trospective sur les activit\u00e9s du r\u00e9seau depuis le deuxi\u00e8me Conseil Tavolata. Les r\u00e9sultats de l\u2019enqu\u00eate \u00abTavolata \u00e0 l\u2019heure du coronavirus\u00bb men\u00e9e aupr\u00e8s des membres ont donn\u00e9 lieu \u00e0 des discussions anim\u00e9es.<\/li>\n<li>Dans les trois r\u00e9gions, des tensions li\u00e9es au coronavirus ont fait parler d\u2019elles.<\/li>\n<li>En Suisse al\u00e9manique, les autres th\u00e8mes ont tourn\u00e9 autour de la gestion des attentes, qu\u2019elles proviennent des personnes de contact ou des membres de la Tavolata locale, de la facilitation des r\u00e9unions dans des conditions cadres et des besoins en mutation, de la \u00abrel\u00e8ve\u00bb au sein des Tavolata locales ainsi que de l\u2019importance du r\u00e9seau et de son d\u00e9veloppement futur.<\/li>\n<li>La coordinatrice Romandie a \u00e9chang\u00e9 avec deux repr\u00e9sentants du b\u00e9n\u00e9volat de Pro Senectute Fribourg sur les enjeux de la poursuite du d\u00e9veloppement du r\u00e9seau Tavolata \u00e0 la lumi\u00e8re du coronavirus.<\/li>\n<li>Au Tessin, on a malgr\u00e9 tout constat\u00e9 un nouvel enthousiasme pour Tavolata: les organisations pr\u00e9sentes ont d\u00e9clar\u00e9 leur volont\u00e9 de soutenir Tavolata et de promouvoir activement la cr\u00e9ation de nouveaux groupes.<\/li>\n<\/ul>\n<p>Vous trouverez bient\u00f4t un proc\u00e8s-verbal d\u00e9taill\u00e9 du troisi\u00e8me Conseil Tavolata ici.<\/p>\n<p><a href=\"https:\/\/www.tavolata.ch\/wp-content\/uploads\/2021\/11\/Tavolata-Rat_2021_Protokoll_DE.pdf\" target=\"_blank\" rel=\"noopener\">Proc\u00e8s-verbal d\u00e9taill\u00e9<\/a><\/p>\n<h3><strong>Retour sur la 2<sup>e<\/sup> rencontre du Conseil Tavolata du 22\u00a0octobre\u00a02020<br \/>\n<\/strong><\/h3>\n<p><img loading=\"lazy\" decoding=\"async\" class=\"wp-image-6159 size-medium alignleft\" src=\"https:\/\/www.tavolata.ch\/wp-content\/uploads\/2020\/11\/tavolata-rat-300x173.jpg\" alt=\"\" width=\"300\" height=\"173\" srcset=\"https:\/\/www.tavolata.ch\/wp-content\/uploads\/2020\/11\/tavolata-rat-300x173.jpg 300w, https:\/\/www.tavolata.ch\/wp-content\/uploads\/2020\/11\/tavolata-rat-768x442.jpg 768w, https:\/\/www.tavolata.ch\/wp-content\/uploads\/2020\/11\/tavolata-rat.jpg 890w\" sizes=\"auto, (max-width: 300px) 100vw, 300px\" \/><\/p>\n<p>Une question pr\u00e9pond\u00e9rante a marqu\u00e9 la deuxi\u00e8me rencontre du Conseil Tavolata: quid des repas communautaires en temps de coronavirus? Les personnes de contact pr\u00e9sentes \u00e0 cette rencontre en ligne ont d\u00e9crit les d\u00e9fis auxquels elles font actuellement face. En effet, certaines Tavolata continuent de s\u2019organiser et restent en contact, mais d\u2019autres n\u2019ont plus lieu. Les gens se retirent et le contact se perd rapidement.<\/p>\n<p>Il a \u00e9t\u00e9 longuement discut\u00e9 de la capacit\u00e9 du format num\u00e9rique \u00e0 \u00e9largir le contact dans les groupes. Marlen Rutz, responsable du projet Tavolata, a indiqu\u00e9 que les offres num\u00e9riques comme \u00abAmuse-bouche\u00bb devaient \u00eatre consolid\u00e9es afin de permettre une rencontre inter-groupes malgr\u00e9 les restrictions actuelles. De plus, la refonte du site Internet ainsi que le nouveau magazine Tavolata, <em>Bon app\u00e9tit!<\/em>,\u00a0 sont destin\u00e9s \u00e0 offrir un regard neuf et curieux sur le r\u00e9seau et ses activit\u00e9s.<\/p>\n<p>En Suisse romande aussi, les choses bougent, sous l\u2019\u00e9gide de Marine Jordan de Radix, qui explique qu\u2019\u00e0 l\u2019heure actuelle, elle organise des Tavolata avant tout dans le canton de Fribourg et dans l\u2019Arc jurassien (Jura neuch\u00e2telois). En Suisse romande comme au Tessin, les efforts de cr\u00e9ation de nouvelles Tavolata se sont malheureusement heurt\u00e9s \u00e0 la pand\u00e9mie. Au printemps\u00a02021, Marine Jordan (Suisse romande) et Marcello Martinoni (Tessin) intensifieront leurs efforts.<\/p>\n<p>Voici ce que l\u2019\u00e9quipe de projet centrale emporte avec elle pour l\u2019ann\u00e9e 2021:<\/p>\n<ul>\n<li><strong>Des contacts, des contacts et encore des contacts:<\/strong> avec d\u2019autres Tavolata \u2013 avec des repr\u00e9sentantes et repr\u00e9sentants Tavolata r\u00e9gionaux \u2013 avec des communes et des organisations d\u00e9j\u00e0 ou bient\u00f4t partenaires, des partenaires r\u00e9gionaux, des programmes d\u2019action cantonaux &#8211;&gt; Travail aupr\u00e8s du public, gagner en visibilit\u00e9 \u2013 et, si possible, se rencontrer en personne, au niveau r\u00e9gional ou national, en d\u00e9but d\u2019\u00e9t\u00e9!<\/li>\n<li><strong>Du partage:<\/strong> \u00eatre l\u00e0 pour partager les hauts et les bas, faire en sorte que les \u00e9changes aillent dans les deux sens, avoir de bonnes discussions, planifier \u00e9ventuellement des activit\u00e9s collectives autour d\u2019un repas &#8211;&gt; Tester de nouveaux formats (p. ex. buffets canadiens) et partager des exp\u00e9riences!<\/li>\n<li><strong>Du sang neuf:<\/strong> initiateurs\/initiatrices, membres, \u00e9ventuellement d\u2019\u00e2ge diff\u00e9rent. Garder \u00e0 l\u2019esprit l\u2019id\u00e9e du \u00abchangement de g\u00e9n\u00e9ration\u00bb. &#8211;&gt; Tester de nouveaux formats (p. ex. caf\u00e9-rencontre, inviter des h\u00f4tes) et partager des exp\u00e9riences!<br \/>\nTavolata en ligne: oser les rencontres virtuelles!<\/li>\n<li><strong>De l\u2019humain:<\/strong> gestion des conflits, du d\u00e9sengagement, de l\u2019\u00e9ventuelle isolation avec le confinement &#8211;&gt; Nous restons en lien pour \u00e9changer (virtuellement) \u00e0 ce sujet!<\/li>\n<\/ul>\n<p>&nbsp;<\/p>\n<h3><strong>Retour sur la 1<sup>re<\/sup>\u00a0rencontre du Conseil Tavolata du 8\u00a0novembre\u00a02019<\/strong><\/h3>\n<p>Sous la direction de Thomas Braun, le Conseil a mis en \u00e9vidence les points positifs et les potentiels d\u2019am\u00e9lioration. Les participants \u00e0 la rencontre se sont montr\u00e9s investis et cr\u00e9atifs. Le r\u00e9sultat, impressionnant, encourage le Conseil \u00e0 surmonter ensemble les prochains obstacles:<\/p>\n<ul>\n<li><strong>Bons points: <\/strong>les Tavolata locales perp\u00e9tuent l\u2019esprit de communaut\u00e9 et maintiennent vivante la culture de l\u2019\u00e9change.<br \/>\nLes participants \u00e9taient satisfaits de la r\u00e9gularit\u00e9 des rencontres et de la possibilit\u00e9 de d\u00e9velopper leur propre potentiel. Ils ont appr\u00e9ci\u00e9 l\u2019organisation autonome et la qualit\u00e9 des repas,\u00a0 et ont senti que la diversit\u00e9 des Tavolata \u00e9tait appr\u00e9ci\u00e9e au sein du r\u00e9seau.<\/li>\n<li><strong>Aspects (toujours) \u00e0 surveiller: <\/strong>le processus de cr\u00e9ation et la recherche de membres peuvent \u00eatre laborieux.<br \/>\nIl n\u2019est pas toujours ais\u00e9 de trouver des organisations locales pr\u00eates \u00e0 soutenir Tavolata. Les documents destin\u00e9s \u00e0 convaincre ces derni\u00e8res doivent encore \u00eatre am\u00e9lior\u00e9s. Dans un groupe Tavolata, les membres ne s\u2019engagent pas toujours au m\u00eame niveau. Les activit\u00e9s inter-groupes locales sont souvent souhait\u00e9es, mais ne voient pas toujours le jour.<\/li>\n<li><strong>Le plus grand d\u00e9fi<\/strong>, pour le r\u00e9seau, consiste \u00e0 donner de la visibilit\u00e9 \u00e0 Tavolata et \u00e0 la faire conna\u00eetre sur le plan local \u2013 non pas comme une concurrente, mais comme une extension int\u00e9ressante et inspirante \u00e0 des offres existantes.<strong><br \/>\n<\/strong><\/li>\n<\/ul>\n<p>Les retours seront int\u00e9gr\u00e9s aux activit\u00e9s du r\u00e9seau en 2020.\u00a0Les \u00abcartes du concept Sokrates\u00bb suivantes montrent les r\u00e9sultats en d\u00e9tail:<\/p>\n<ul>\n<li>R\u00e9sultats des discussions de groupe:\u00a0<a href=\"https:\/\/www.tavolata.ch\/wp-content\/uploads\/2020\/07\/TR2019_Gruppe-gruen_191108-scaled.jpg\">groupe vert<\/a>,\u00a0<a href=\"https:\/\/www.tavolata.ch\/wp-content\/uploads\/2020\/07\/TR2019_Gruppe-rot_191108-scaled.jpg\">groupe rouge<\/a>,\u00a0<a href=\"https:\/\/www.tavolata.ch\/wp-content\/uploads\/2020\/07\/TR2019_Gruppe-gelb_191108-scaled.jpg\">groupe jaune<\/a>,\u00a0<a href=\"https:\/\/www.tavolata.ch\/wp-content\/uploads\/2020\/07\/TR2019_Gruppe-blau_191108-scaled.jpg\">groupe bleu<\/a><\/li>\n<li>Synth\u00e8se des\u00a0<a href=\"https:\/\/www.tavolata.ch\/wp-content\/uploads\/2020\/07\/Zentralkarte_Wirkungen-lokal_191127.pdf\">sujets relatifs aux Tavolata locales<\/a>, avec les\u00a0<a href=\"https:\/\/www.tavolata.ch\/wp-content\/uploads\/2020\/07\/Zentralkarte_Wirkungen-RegTaV-Tavolata-Rat_191127.pdf\">repr\u00e9sentantes et repr\u00e9sentants r\u00e9gionaux Tavolata et le Conseil Tavolata <\/a><u><\/u>ainsi que les\u00a0<a href=\"https:\/\/www.tavolata.ch\/wp-content\/uploads\/2020\/07\/Zentralkarte_Wirkungen-Partnerorganisationen_191127.pdf\">organisations partenaires<\/a>.<\/li>\n<\/ul>\n","protected":false},"excerpt":{"rendered":"<p>Le Conseil Tavolata r\u00e9unit toutes les personnes de contact des Tavolata locales ainsi que tous les repr\u00e9sentantes et repr\u00e9sentants r\u00e9gionaux de Tavolata. L\u2019objectif de ce Conseil est d\u2019int\u00e9grer en continu la base Tavolata dans la gestion du r\u00e9seau. Retour sur la rencontre du Conseil Tavolata du 3 novembre 2022 Vers le r\u00e9sum\u00e9 Retour sur la [&hellip;]<\/p>\n","protected":false},"author":2,"featured_media":0,"parent":0,"menu_order":120,"comment_status":"closed","ping_status":"closed","template":"","meta":{"_acf_changed":false,"footnotes":""},"class_list":["post-6222","page","type-page","status-publish","hentry"],"acf":[],"_links":{"self":[{"href":"https:\/\/www.tavolata.ch\/fr\/wp-json\/wp\/v2\/pages\/6222","targetHints":{"allow":["GET"]}}],"collection":[{"href":"https:\/\/www.tavolata.ch\/fr\/wp-json\/wp\/v2\/pages"}],"about":[{"href":"https:\/\/www.tavolata.ch\/fr\/wp-json\/wp\/v2\/types\/page"}],"author":[{"embeddable":true,"href":"https:\/\/www.tavolata.ch\/fr\/wp-json\/wp\/v2\/users\/2"}],"replies":[{"embeddable":true,"href":"https:\/\/www.tavolata.ch\/fr\/wp-json\/wp\/v2\/comments?post=6222"}],"version-history":[{"count":9,"href":"https:\/\/www.tavolata.ch\/fr\/wp-json\/wp\/v2\/pages\/6222\/revisions"}],"predecessor-version":[{"id":11147,"href":"https:\/\/www.tavolata.ch\/fr\/wp-json\/wp\/v2\/pages\/6222\/revisions\/11147"}],"wp:attachment":[{"href":"https:\/\/www.tavolata.ch\/fr\/wp-json\/wp\/v2\/media?parent=6222"}],"curies":[{"name":"wp","href":"https:\/\/api.w.org\/{rel}","templated":true}]}}