{"id":1399,"date":"2020-07-01T00:17:32","date_gmt":"2020-06-30T22:17:32","guid":{"rendered":"https:\/\/www.tavolata.ch\/?page_id=1399"},"modified":"2023-12-18T13:43:02","modified_gmt":"2023-12-18T12:43:02","slug":"organe-responsable","status":"publish","type":"page","link":"https:\/\/www.tavolata.ch\/fr\/organe-responsable\/","title":{"rendered":"Organes responsables"},"content":{"rendered":"<h3><img loading=\"lazy\" decoding=\"async\" class=\"alignnone wp-image-6776\" src=\"https:\/\/www.tavolata.ch\/wp-content\/uploads\/2021\/04\/Logo_FGE_MK_cmyk_300dpi_FR-300x57.jpg\" alt=\"\" width=\"262\" height=\"50\" srcset=\"https:\/\/www.tavolata.ch\/wp-content\/uploads\/2021\/04\/Logo_FGE_MK_cmyk_300dpi_FR-300x57.jpg 300w, https:\/\/www.tavolata.ch\/wp-content\/uploads\/2021\/04\/Logo_FGE_MK_cmyk_300dpi_FR-1024x195.jpg 1024w, https:\/\/www.tavolata.ch\/wp-content\/uploads\/2021\/04\/Logo_FGE_MK_cmyk_300dpi_FR-768x147.jpg 768w, https:\/\/www.tavolata.ch\/wp-content\/uploads\/2021\/04\/Logo_FGE_MK_cmyk_300dpi_FR-1536x293.jpg 1536w, https:\/\/www.tavolata.ch\/wp-content\/uploads\/2021\/04\/Logo_FGE_MK_cmyk_300dpi_FR-2048x391.jpg 2048w\" sizes=\"auto, (max-width: 262px) 100vw, 262px\" \/><\/h3>\n<p><strong>Pour-cent culturel Migros<br \/>\n<\/strong>Le Pour-cent culturel Migros soutient des initiatives culturelles et sociales pour proposer un vaste choix d\u2019offres \u00e0 une grande partie de la population.<br \/>\n<a href=\"https:\/\/engagement.migros.ch\/fr\" target=\"_blank\" rel=\"noopener\">engagement.migros.ch<\/a><\/p>\n<p>&nbsp;<\/p>\n<p><img loading=\"lazy\" decoding=\"async\" class=\"alignnone wp-image-384\" src=\"https:\/\/www.tavolata.ch\/wp-content\/uploads\/2020\/06\/gfch_logo_3spr_pos_rgb_A4-A5-300x60.png\" alt=\"\" width=\"251\" height=\"50\" srcset=\"https:\/\/www.tavolata.ch\/wp-content\/uploads\/2020\/06\/gfch_logo_3spr_pos_rgb_A4-A5-300x60.png 300w, https:\/\/www.tavolata.ch\/wp-content\/uploads\/2020\/06\/gfch_logo_3spr_pos_rgb_A4-A5-1024x204.png 1024w, https:\/\/www.tavolata.ch\/wp-content\/uploads\/2020\/06\/gfch_logo_3spr_pos_rgb_A4-A5-768x153.png 768w, https:\/\/www.tavolata.ch\/wp-content\/uploads\/2020\/06\/gfch_logo_3spr_pos_rgb_A4-A5.png 1056w\" sizes=\"auto, (max-width: 251px) 100vw, 251px\" \/><\/p>\n<p><strong>Promotion Sant\u00e9 Suisse<br \/>\n<\/strong>Cette fondation de droit priv\u00e9 est soutenue par les cantons et les assureurs. En vertu de son mandat l\u00e9gal, elle initie, coordonne et \u00e9value des mesures de promotion de la sant\u00e9 et de pr\u00e9vention des maladies.<br \/>\n<a href=\"https:\/\/promotionsante.ch\/index.html\" target=\"_blank\" rel=\"noopener noreferrer\">promotionsante.ch<\/a><\/p>\n<p>&nbsp;<\/p>\n<p><img loading=\"lazy\" decoding=\"async\" class=\"alignnone size-medium wp-image-13143\" src=\"https:\/\/www.tavolata.ch\/wp-content\/uploads\/2023\/12\/Logo_BeisheimStiftung_01_RGB-300x111.jpg\" alt=\"\" width=\"300\" height=\"111\" srcset=\"https:\/\/www.tavolata.ch\/wp-content\/uploads\/2023\/12\/Logo_BeisheimStiftung_01_RGB-300x111.jpg 300w, https:\/\/www.tavolata.ch\/wp-content\/uploads\/2023\/12\/Logo_BeisheimStiftung_01_RGB-1024x379.jpg 1024w, https:\/\/www.tavolata.ch\/wp-content\/uploads\/2023\/12\/Logo_BeisheimStiftung_01_RGB-768x284.jpg 768w, https:\/\/www.tavolata.ch\/wp-content\/uploads\/2023\/12\/Logo_BeisheimStiftung_01_RGB.jpg 1181w\" sizes=\"auto, (max-width: 300px) 100vw, 300px\" \/><\/p>\n<p><strong>Fondation Beisheim<\/strong><br \/>\nLa Fondation Beisheim soutient des id\u00e9es de projets innovants dans les domaines de l&rsquo;\u00e9ducation, de la sant\u00e9, de la culture et du sport. Elle d\u00e9veloppe ses propres projets ou met ses connaissances et ses ressources \u00e0 la disposition de partenaires.<br \/>\n<a href=\"https:\/\/www.beisheim-stiftung.com\/ch\/de\" target=\"_blank\" rel=\"noopener\">beisheim-stiftung.com<\/a><\/p>\n<p>&nbsp;<\/p>\n<p><img loading=\"lazy\" decoding=\"async\" class=\"alignnone size-medium wp-image-13146\" src=\"https:\/\/www.tavolata.ch\/wp-content\/uploads\/2023\/12\/image001-300x104.png\" alt=\"\" width=\"300\" height=\"104\" srcset=\"https:\/\/www.tavolata.ch\/wp-content\/uploads\/2023\/12\/image001-300x104.png 300w, https:\/\/www.tavolata.ch\/wp-content\/uploads\/2023\/12\/image001.png 397w\" sizes=\"auto, (max-width: 300px) 100vw, 300px\" \/><br \/>\n<strong>Fondation Walder<\/strong><br \/>\nLa Fondation Walder soutient entre autres des projets qui contribuent \u00e0 renforcer la qualit\u00e9 de vie et d&rsquo;habitat des personnes \u00e2g\u00e9es, \u00e0 promouvoir la communaut\u00e9, \u00e0 favoriser le maintien de l&rsquo;autonomie et de la libert\u00e9 de choix ou \u00e0 donner une image impartiale et diversifi\u00e9e des personnes \u00e2g\u00e9es.<br \/>\n<a href=\"https:\/\/www.walder-stiftung.ch\/\" target=\"_blank\" rel=\"noopener\">walder-stiftung.ch<\/a><\/p>\n<p>&nbsp;<\/p>\n<p><img loading=\"lazy\" decoding=\"async\" class=\"alignnone size-medium wp-image-13158\" src=\"https:\/\/www.tavolata.ch\/wp-content\/uploads\/2023\/12\/CKS_logo-1-300x159.jpg\" alt=\"\" width=\"300\" height=\"159\" srcset=\"https:\/\/www.tavolata.ch\/wp-content\/uploads\/2023\/12\/CKS_logo-1-300x159.jpg 300w, https:\/\/www.tavolata.ch\/wp-content\/uploads\/2023\/12\/CKS_logo-1.jpg 584w\" sizes=\"auto, (max-width: 300px) 100vw, 300px\" \/><br \/>\n<strong>Fondation Cornelius Kn\u00fcpffer<\/strong><br \/>\nLa fondation, dont le si\u00e8ge est \u00e0 Lucerne, soutient des organisations d&rsquo;utilit\u00e9 publique dans les domaines de la cohabitation des personnes \u00e2g\u00e9es, des soins palliatifs, de la promotion des enfants et des jeunes ainsi que de l&rsquo;art et de la culture.<br \/>\n<a href=\"https:\/\/ck-stiftung.ch\/\" target=\"_blank\" rel=\"noopener\">ck-stiftung.ch<\/a><\/p>\n<p>&nbsp;<\/p>\n<p><img loading=\"lazy\" decoding=\"async\" class=\"alignnone wp-image-397\" src=\"https:\/\/www.tavolata.ch\/wp-content\/uploads\/2020\/06\/logo_migros-1-1-300x95.jpg\" alt=\"\" width=\"158\" height=\"50\" srcset=\"https:\/\/www.tavolata.ch\/wp-content\/uploads\/2020\/06\/logo_migros-1-1-300x95.jpg 300w, https:\/\/www.tavolata.ch\/wp-content\/uploads\/2020\/06\/logo_migros-1-1-768x243.jpg 768w, https:\/\/www.tavolata.ch\/wp-content\/uploads\/2020\/06\/logo_migros-1-1.jpg 981w\" sizes=\"auto, (max-width: 158px) 100vw, 158px\" \/><\/p>\n<p><strong>Soci\u00e9t\u00e9s coop\u00e9ratives Migros Aar, Lucerne, Suisse orientale, Zurich et Tessin<\/strong><br \/>\nEn collaboration avec les repr\u00e9sentants Tavolata, les Soci\u00e9t\u00e9s coop\u00e9ratives Migros s\u2019engagent en faveur du rayonnement et du renforcement r\u00e9gional du projet Tavolata. Nous remercions chaleureusement de votre soutien!<br \/>\n<a href=\"https:\/\/www.migros.ch\/de\/genossenschaften.html\" target=\"_blank\" rel=\"noopener noreferrer\">migros.ch<\/a><\/p>\n","protected":false},"excerpt":{"rendered":"<p>Pour-cent culturel Migros Le Pour-cent culturel Migros soutient des initiatives culturelles et sociales pour proposer un vaste choix d\u2019offres \u00e0 une grande partie de la population. engagement.migros.ch &nbsp; Promotion Sant\u00e9 Suisse Cette fondation de droit priv\u00e9 est soutenue par les cantons et les assureurs. En vertu de son mandat l\u00e9gal, elle initie, coordonne et \u00e9value [&hellip;]<\/p>\n","protected":false},"author":2,"featured_media":0,"parent":0,"menu_order":128,"comment_status":"closed","ping_status":"closed","template":"","meta":{"_acf_changed":false,"footnotes":""},"class_list":["post-1399","page","type-page","status-publish","hentry"],"acf":[],"_links":{"self":[{"href":"https:\/\/www.tavolata.ch\/fr\/wp-json\/wp\/v2\/pages\/1399","targetHints":{"allow":["GET"]}}],"collection":[{"href":"https:\/\/www.tavolata.ch\/fr\/wp-json\/wp\/v2\/pages"}],"about":[{"href":"https:\/\/www.tavolata.ch\/fr\/wp-json\/wp\/v2\/types\/page"}],"author":[{"embeddable":true,"href":"https:\/\/www.tavolata.ch\/fr\/wp-json\/wp\/v2\/users\/2"}],"replies":[{"embeddable":true,"href":"https:\/\/www.tavolata.ch\/fr\/wp-json\/wp\/v2\/comments?post=1399"}],"version-history":[{"count":14,"href":"https:\/\/www.tavolata.ch\/fr\/wp-json\/wp\/v2\/pages\/1399\/revisions"}],"predecessor-version":[{"id":13161,"href":"https:\/\/www.tavolata.ch\/fr\/wp-json\/wp\/v2\/pages\/1399\/revisions\/13161"}],"wp:attachment":[{"href":"https:\/\/www.tavolata.ch\/fr\/wp-json\/wp\/v2\/media?parent=1399"}],"curies":[{"name":"wp","href":"https:\/\/api.w.org\/{rel}","templated":true}]}}